{"id":1219,"date":"2021-07-18T16:20:00","date_gmt":"2021-07-18T16:20:00","guid":{"rendered":"https:\/\/www.guacamole.media\/cambra-terrassa\/"},"modified":"2024-10-11T07:38:46","modified_gmt":"2024-10-11T07:38:46","slug":"cambra-terrassa","status":"publish","type":"page","link":"https:\/\/www.guacamole.media\/es\/cambra-terrassa\/","title":{"rendered":"Cambra de Terrassa"},"content":{"rendered":"<p>Cambra de Terrassa \u2014<br \/>\n<br \/>135 aniversario<\/p>\n<p>left<br \/>no-repeat;left top;;<br \/>auto<br \/>fadeInRight<\/p>\n<p>Cambra de Terrassa \u2014<br \/>\n<br \/>135 aniversari<\/p>\n<p>left<br \/>no-repeat;left top;;<br \/>auto<br \/>fadeInRight<\/p>\n<p><img decoding=\"async\" src=\"https:\/\/www.guacamole.media\/wp-content\/uploads\/2021\/07\/projecte-produccio-audiovisual-teatre-cambra-terrassa-lliurament-premis-01.jpg\" alt=\"Producci\u00f3 audiovisual espectacle teatral per a Cambra de Terrassa\" \/><br \/>center<\/p>\n<h1>Disseny i producci\u00f3 audiovisual per l\u2019espectacle teatral de lliurament dels Premis Cambra 2021<\/h1>\n<p>Aquest passat mes de juny del 2021 la Cambra de Terrassa va cel\u00b7lebrar el seu 135\u00e8 aniversari, que es diu r\u00e0pid. La cerim\u00f2nia dels Premis Cambra d\\&#8217;enguany va contar amb l\\&#8217;espectacle teatral \\\u00bbHist\u00f2ries de la cambra\\\u00bb, del qual em vem realitzar la producci\u00f3 audiovisual, disseny i grafismes.<\/p>\n<p>Dramat\u00fargia: Sergi Pompermayer<br \/>\n<br \/>Direcci\u00f3: Miquel Gorriz<br \/>\n<br \/>Interpretaci\u00f3: David Olivares, Albert Ribalta, Jordi Figueras i Mireia Aixal\u00e0<br \/>\n<br \/>Vestuari i caracteritzaci\u00f3: N\u00faria Llunell<br \/>\n<br \/>Audiovisual: Guacamole<br \/>\n<br \/>Producci\u00f3: Mola Produccions<\/p>\n<p>Per a m\u00e9s informaci\u00f3: <a href=\"https:\/\/www.cambraterrassa.org\" target=\"new\" rel=\"noopener noreferrer\">Cambra de Terrassa<\/a><br \/>left<br \/>left<br \/>#ffffff<br \/>no-repeat;left top;;<br \/>auto<br \/>separacio_text<\/p>\n<h1>Disseny i producci\u00f3 audiovisual per l\u2019espectacle teatral de lliurament dels Premis Cambra 2021<\/h1>\n<p>Aquest passat mes de juny del 2021 la Cambra de Terrassa va cel\u00b7lebrar el seu 135\u00e8 aniversari, que es diu r\u00e0pid. La cerim\u00f2nia dels Premis Cambra d\\&#8217;enguany va contar amb l\\&#8217;espectacle teatral \\\u00bbHist\u00f2ries de la cambra\\\u00bb, del qual em vem realitzar la producci\u00f3 audiovisual, disseny i grafismes.<\/p>\n<p>Dramat\u00fargia: Sergi Pompermayer<br \/>\n<br \/>Direcci\u00f3: Miquel Gorriz<br \/>\n<br \/>Interpretaci\u00f3: David Olivares, Albert Ribalta, Jordi Figueras i Mireia Aixal\u00e0<br \/>\n<br \/>Vestuari i caracteritzaci\u00f3: N\u00faria Llunell<br \/>\n<br \/>Audiovisual: Guacamole<br \/>\n<br \/>Producci\u00f3: Mola Produccions<\/p>\n<p>Per a m\u00e9s informaci\u00f3: <a href=\"https:\/\/www.cambraterrassa.org\" target=\"new\" rel=\"noopener noreferrer\">Cambra de Terrassa<\/a><br \/>left<br \/>left<br \/>#ffffff<br \/>no-repeat;left top;;<br \/>auto<br \/>0px<\/p>\n<p>https:\/\/www.guacamole.media\/videos\/NUCLIFABA-TEASERWEB.mp4<br \/>1000<br \/>571<\/p>\n<p>Tornar a tots els <a href=\"http:\/\/www.guacamole.media\/projectes-audiovisuals\">projectes<\/a>  &gt;<\/p>\n<p>right<br \/>right<br \/>#ffffff<br \/>no-repeat;left top;;<br \/>auto<br \/>separacio_text<\/p>\n<p>Tornar a tots els <a href=\"http:\/\/www.guacamole.media\/projectes-audiovisuals\">projectes<\/a>  &gt;<\/p>\n<p>right<br \/>right<br \/>#ffffff<br \/>no-repeat;left top;;<br \/>auto<br \/>separacio_text<\/p>\n<p><img decoding=\"async\" src=\"https:\/\/www.guacamole.media\/wp-content\/uploads\/2021\/07\/projecte-produccio-audiovisual-teatre-cambra-terrassa-lliurament-premis-02.jpg\" alt=\"Producci\u00f3 audiovisual espectacle teatral per a Cambra de Terrassa\" \/><br \/>center<\/p>\n<p><img decoding=\"async\" src=\"https:\/\/www.guacamole.media\/wp-content\/uploads\/2021\/07\/projecte-produccio-audiovisual-teatre-cambra-terrassa-lliurament-premis-04.jpg\" alt=\"Producci\u00f3 audiovisual espectacle teatral per a Cambra de Terrassa\" \/><br \/>center<\/p>\n<p><img decoding=\"async\" src=\"https:\/\/www.guacamole.media\/wp-content\/uploads\/2021\/07\/projecte-produccio-audiovisual-teatre-cambra-terrassa-lliurament-premis-03.jpg\" alt=\"Producci\u00f3 audiovisual espectacle teatral per a Cambra de Terrassa\" \/><br \/>center<\/p>\n<h3>Productora local i global<\/h3>\n<p>Guacamole \u00e9s una <a href=\"http:\/\/www.guacamole.media\/\">productora audiovisual<\/a> amb oficines a Manresa (Bages) i Sabadell (Vall\u00e8s Occidental), situades al centre de Catalunya. Oferim els nostres serveis de producci\u00f3 audiovisual, v\u00eddeo i fotografia, disseny visual interactiu i creaci\u00f3 de contingut digital a les principals ciutats catalanes com Barcelona (Barcelon\u00e8s), Girona (Giron\u00e8s), Tarragona (Tarragon\u00e8s), Lleida (Segri\u00e0), Terrassa, Vic (Osona), Matar\u00f3 (Maresme), Reus (Baix Camp), Granollers (Vall\u00e8s Oriental), Igualada (La Anoia) i arreu de l\u2019estat. T\\&#8217;oferim serveis audiovisuals complets per a <a href=\"#\">v\u00eddeos corporatius d\\&#8217;empresa<\/a>, <a href=\"#\">espots<\/a> i <a href=\"#\">fotografia<\/a>, entre molts altres. T\\&#8217;hi animes?<\/p>\n<p>center<br \/>no-repeat;center top;;<br \/>auto<br \/>10px 0px 50px 0px<\/p>\n<h3>Productora local i global<\/h3>\n<p>Guacamole \u00e9s una <a href=\"http:\/\/www.guacamole.media\/\">productora audiovisual<\/a> amb oficines a Manresa (Bages) i Sabadell (Vall\u00e8s Occidental), situades al centre de Catalunya. Oferim els nostres serveis de producci\u00f3 audiovisual, v\u00eddeo i fotografia, disseny visual interactiu i creaci\u00f3 de contingut digital a les principals ciutats catalanes com Barcelona (Barcelon\u00e8s), Girona (Giron\u00e8s), Tarragona (Tarragon\u00e8s), Lleida (Segri\u00e0), Terrassa, Vic (Osona), Matar\u00f3 (Maresme), Reus (Baix Camp), Granollers (Vall\u00e8s Oriental), Igualada (La Anoia) i arreu de l\u2019estat. T\\&#8217;oferim serveis audiovisuals complets per a <a href=\"#\">v\u00eddeos corporatius d\\&#8217;empresa<\/a>, <a href=\"#\">espots<\/a> i <a href=\"#\">fotografia<\/a>, entre molts altres. T\\&#8217;hi animes?<\/p>\n<p>center<br \/>no-repeat;center top;;<br \/>auto<br \/>10px 0px 50px 0px<\/p>\n","protected":false},"excerpt":{"rendered":"<p>Cambra de Terrassa \u2014 135 aniversario leftno-repeat;left top;;autofadeInRight Cambra de Terrassa \u2014 135 aniversari leftno-repeat;left top;;autofadeInRight center Disseny i producci\u00f3 audiovisual per l\u2019espectacle teatral de lliurament<span class=\"excerpt-hellip\"> [\u2026]<\/span><\/p>\n","protected":false},"author":1,"featured_media":0,"parent":0,"menu_order":0,"comment_status":"closed","ping_status":"closed","template":"","meta":{"footnotes":""},"acf":[],"yoast_head":"<!-- This site is optimized with the Yoast SEO plugin v22.4 - https:\/\/yoast.com\/wordpress\/plugins\/seo\/ -->\n<title>Cambra de Terrassa - Producci\u00f3n audiovisual gala Premios Cambra 2021<\/title>\n<meta name=\"description\" content=\"Producci\u00f3n audiovisual, dise\u00f1o y grafismos para el espect\u00e1culo teatral que se celebr\u00f3 en su gala de entrega de premios del 135 aniversario.\" \/>\n<meta name=\"robots\" content=\"index, follow, max-snippet:-1, max-image-preview:large, max-video-preview:-1\" \/>\n<link rel=\"canonical\" href=\"https:\/\/www.guacamole.media\/es\/cambra-terrassa\/\" \/>\n<meta property=\"og:locale\" content=\"es_ES\" \/>\n<meta property=\"og:type\" content=\"article\" \/>\n<meta property=\"og:title\" content=\"Cambra de Terrassa - Producci\u00f3n audiovisual gala Premios Cambra 2021\" \/>\n<meta property=\"og:description\" content=\"Producci\u00f3n audiovisual, dise\u00f1o y grafismos para el espect\u00e1culo teatral que se celebr\u00f3 en su gala de entrega de premios del 135 aniversario.\" \/>\n<meta property=\"og:url\" content=\"https:\/\/www.guacamole.media\/es\/cambra-terrassa\/\" \/>\n<meta property=\"og:site_name\" content=\"Guacamole\" \/>\n<meta property=\"article:modified_time\" content=\"2024-10-11T07:38:46+00:00\" \/>\n<meta property=\"og:image\" content=\"https:\/\/www.guacamole.media\/wp-content\/uploads\/2021\/07\/projecte-produccio-audiovisual-teatre-cambra-terrassa-lliurament-premis-01.jpg\" \/>\n<meta name=\"twitter:card\" content=\"summary_large_image\" \/>\n<meta name=\"twitter:label1\" content=\"Tiempo de lectura\" \/>\n\t<meta name=\"twitter:data1\" content=\"3 minutos\" \/>\n<script type=\"application\/ld+json\" class=\"yoast-schema-graph\">{\"@context\":\"https:\/\/schema.org\",\"@graph\":[{\"@type\":\"WebPage\",\"@id\":\"https:\/\/www.guacamole.media\/es\/cambra-terrassa\/\",\"url\":\"https:\/\/www.guacamole.media\/es\/cambra-terrassa\/\",\"name\":\"Cambra de Terrassa - Producci\u00f3n audiovisual gala Premios Cambra 2021\",\"isPartOf\":{\"@id\":\"https:\/\/www.guacamole.media\/es\/#website\"},\"primaryImageOfPage\":{\"@id\":\"https:\/\/www.guacamole.media\/es\/cambra-terrassa\/#primaryimage\"},\"image\":{\"@id\":\"https:\/\/www.guacamole.media\/es\/cambra-terrassa\/#primaryimage\"},\"thumbnailUrl\":\"https:\/\/www.guacamole.media\/wp-content\/uploads\/2021\/07\/projecte-produccio-audiovisual-teatre-cambra-terrassa-lliurament-premis-01.jpg\",\"datePublished\":\"2021-07-18T16:20:00+00:00\",\"dateModified\":\"2024-10-11T07:38:46+00:00\",\"description\":\"Producci\u00f3n audiovisual, dise\u00f1o y grafismos para el espect\u00e1culo teatral que se celebr\u00f3 en su gala de entrega de premios del 135 aniversario.\",\"breadcrumb\":{\"@id\":\"https:\/\/www.guacamole.media\/es\/cambra-terrassa\/#breadcrumb\"},\"inLanguage\":\"es\",\"potentialAction\":[{\"@type\":\"ReadAction\",\"target\":[\"https:\/\/www.guacamole.media\/es\/cambra-terrassa\/\"]}]},{\"@type\":\"ImageObject\",\"inLanguage\":\"es\",\"@id\":\"https:\/\/www.guacamole.media\/es\/cambra-terrassa\/#primaryimage\",\"url\":\"https:\/\/www.guacamole.media\/wp-content\/uploads\/2021\/07\/projecte-produccio-audiovisual-teatre-cambra-terrassa-lliurament-premis-01.jpg\",\"contentUrl\":\"https:\/\/www.guacamole.media\/wp-content\/uploads\/2021\/07\/projecte-produccio-audiovisual-teatre-cambra-terrassa-lliurament-premis-01.jpg\"},{\"@type\":\"BreadcrumbList\",\"@id\":\"https:\/\/www.guacamole.media\/es\/cambra-terrassa\/#breadcrumb\",\"itemListElement\":[{\"@type\":\"ListItem\",\"position\":1,\"name\":\"Portada\",\"item\":\"https:\/\/www.guacamole.media\/es\/\"},{\"@type\":\"ListItem\",\"position\":2,\"name\":\"Cambra de Terrassa\"}]},{\"@type\":\"WebSite\",\"@id\":\"https:\/\/www.guacamole.media\/es\/#website\",\"url\":\"https:\/\/www.guacamole.media\/es\/\",\"name\":\"Guacamole Productora Audiovisual\",\"description\":\"Productora Audiovisual\",\"potentialAction\":[{\"@type\":\"SearchAction\",\"target\":{\"@type\":\"EntryPoint\",\"urlTemplate\":\"https:\/\/www.guacamole.media\/es\/?s={search_term_string}\"},\"query-input\":\"required name=search_term_string\"}],\"inLanguage\":\"es\"}]}<\/script>\n<!-- \/ Yoast SEO plugin. -->","yoast_head_json":{"title":"Cambra de Terrassa - Producci\u00f3n audiovisual gala Premios Cambra 2021","description":"Producci\u00f3n audiovisual, dise\u00f1o y grafismos para el espect\u00e1culo teatral que se celebr\u00f3 en su gala de entrega de premios del 135 aniversario.","robots":{"index":"index","follow":"follow","max-snippet":"max-snippet:-1","max-image-preview":"max-image-preview:large","max-video-preview":"max-video-preview:-1"},"canonical":"https:\/\/www.guacamole.media\/es\/cambra-terrassa\/","og_locale":"es_ES","og_type":"article","og_title":"Cambra de Terrassa - Producci\u00f3n audiovisual gala Premios Cambra 2021","og_description":"Producci\u00f3n audiovisual, dise\u00f1o y grafismos para el espect\u00e1culo teatral que se celebr\u00f3 en su gala de entrega de premios del 135 aniversario.","og_url":"https:\/\/www.guacamole.media\/es\/cambra-terrassa\/","og_site_name":"Guacamole","article_modified_time":"2024-10-11T07:38:46+00:00","og_image":[{"url":"https:\/\/www.guacamole.media\/wp-content\/uploads\/2021\/07\/projecte-produccio-audiovisual-teatre-cambra-terrassa-lliurament-premis-01.jpg"}],"twitter_card":"summary_large_image","twitter_misc":{"Tiempo de lectura":"3 minutos"},"schema":{"@context":"https:\/\/schema.org","@graph":[{"@type":"WebPage","@id":"https:\/\/www.guacamole.media\/es\/cambra-terrassa\/","url":"https:\/\/www.guacamole.media\/es\/cambra-terrassa\/","name":"Cambra de Terrassa - Producci\u00f3n audiovisual gala Premios Cambra 2021","isPartOf":{"@id":"https:\/\/www.guacamole.media\/es\/#website"},"primaryImageOfPage":{"@id":"https:\/\/www.guacamole.media\/es\/cambra-terrassa\/#primaryimage"},"image":{"@id":"https:\/\/www.guacamole.media\/es\/cambra-terrassa\/#primaryimage"},"thumbnailUrl":"https:\/\/www.guacamole.media\/wp-content\/uploads\/2021\/07\/projecte-produccio-audiovisual-teatre-cambra-terrassa-lliurament-premis-01.jpg","datePublished":"2021-07-18T16:20:00+00:00","dateModified":"2024-10-11T07:38:46+00:00","description":"Producci\u00f3n audiovisual, dise\u00f1o y grafismos para el espect\u00e1culo teatral que se celebr\u00f3 en su gala de entrega de premios del 135 aniversario.","breadcrumb":{"@id":"https:\/\/www.guacamole.media\/es\/cambra-terrassa\/#breadcrumb"},"inLanguage":"es","potentialAction":[{"@type":"ReadAction","target":["https:\/\/www.guacamole.media\/es\/cambra-terrassa\/"]}]},{"@type":"ImageObject","inLanguage":"es","@id":"https:\/\/www.guacamole.media\/es\/cambra-terrassa\/#primaryimage","url":"https:\/\/www.guacamole.media\/wp-content\/uploads\/2021\/07\/projecte-produccio-audiovisual-teatre-cambra-terrassa-lliurament-premis-01.jpg","contentUrl":"https:\/\/www.guacamole.media\/wp-content\/uploads\/2021\/07\/projecte-produccio-audiovisual-teatre-cambra-terrassa-lliurament-premis-01.jpg"},{"@type":"BreadcrumbList","@id":"https:\/\/www.guacamole.media\/es\/cambra-terrassa\/#breadcrumb","itemListElement":[{"@type":"ListItem","position":1,"name":"Portada","item":"https:\/\/www.guacamole.media\/es\/"},{"@type":"ListItem","position":2,"name":"Cambra de Terrassa"}]},{"@type":"WebSite","@id":"https:\/\/www.guacamole.media\/es\/#website","url":"https:\/\/www.guacamole.media\/es\/","name":"Guacamole Productora Audiovisual","description":"Productora Audiovisual","potentialAction":[{"@type":"SearchAction","target":{"@type":"EntryPoint","urlTemplate":"https:\/\/www.guacamole.media\/es\/?s={search_term_string}"},"query-input":"required name=search_term_string"}],"inLanguage":"es"}]}},"_links":{"self":[{"href":"https:\/\/www.guacamole.media\/es\/wp-json\/wp\/v2\/pages\/1219"}],"collection":[{"href":"https:\/\/www.guacamole.media\/es\/wp-json\/wp\/v2\/pages"}],"about":[{"href":"https:\/\/www.guacamole.media\/es\/wp-json\/wp\/v2\/types\/page"}],"author":[{"embeddable":true,"href":"https:\/\/www.guacamole.media\/es\/wp-json\/wp\/v2\/users\/1"}],"replies":[{"embeddable":true,"href":"https:\/\/www.guacamole.media\/es\/wp-json\/wp\/v2\/comments?post=1219"}],"version-history":[{"count":3,"href":"https:\/\/www.guacamole.media\/es\/wp-json\/wp\/v2\/pages\/1219\/revisions"}],"predecessor-version":[{"id":1531,"href":"https:\/\/www.guacamole.media\/es\/wp-json\/wp\/v2\/pages\/1219\/revisions\/1531"}],"wp:attachment":[{"href":"https:\/\/www.guacamole.media\/es\/wp-json\/wp\/v2\/media?parent=1219"}],"curies":[{"name":"wp","href":"https:\/\/api.w.org\/{rel}","templated":true}]}}