{"id":1328,"date":"2022-08-15T18:02:41","date_gmt":"2022-08-15T18:02:41","guid":{"rendered":"https:\/\/www.guacamole.media\/?page_id=1328"},"modified":"2022-08-15T18:18:00","modified_gmt":"2022-08-15T18:18:00","slug":"proyecto-audiovisual-video-corporativo-uab-cfgs","status":"publish","type":"page","link":"https:\/\/www.guacamole.media\/es\/proyecto-audiovisual-video-corporativo-uab-cfgs\/","title":{"rendered":"UAB &#8211; Formaci\u00f3 Professional"},"content":{"rendered":"<p>UAB \u2014<br \/>\n<br \/>Formaci\u00f3n Profesional<\/p>\n<p>left<br \/>no-repeat;left top;;<br \/>auto<br \/>fadeInRight<\/p>\n<p>UAB \u2014<br \/>\n<br \/>Formaci\u00f3n Profesional<\/p>\n<p>left<br \/>no-repeat;left top;;<br \/>auto<br \/>fadeInRight<\/p>\n<p><img decoding=\"async\" src=\"https:\/\/www.guacamole.media\/wp-content\/uploads\/2022\/08\/formacio-uab-cfgs-format-al-port-01.jpg\" alt=\"formacio-uab-cfgs-format-al-port-01\" \/><br \/>center<\/p>\n<p>https:\/\/www.guacamole.media\/videos\/mckp-iphone-format-al-port-01.mp4<br \/>a;;;m<br \/>1448<br \/>696<\/p>\n<h1>Videos corporativos para cursos de formaci\u00f3n profesional de la UAB<\/h1>\n<p>Desde nuestra productora audiovisual hemos producido diferentes videos corporativos para el Ciclo de Formaci\u00f3n Profesional de Grado Superior en Comercio Internacional ofrecido por la Universidad Aut\u00f3noma de Barcelona. La creaci\u00f3n de estas piezas ha servido para la promoci\u00f3n a nivel nacional e internacional de este prestigioso Ciclo Superior mediante diferentes c\u00e1psulas, producidas \u00edntegramente por nuestra productora audiovisual.<\/p>\n<p>left<br \/>left<br \/>#ffffff<br \/>no-repeat;left top;;<br \/>auto<br \/>separacio_text<\/p>\n<h1>Videos corporativos para cursos de formaci\u00f3n profesional de la UAB<\/h1>\n<p>Desde nuestra productora audiovisual hemos producido diferentes videos corporativos para el Ciclo de Formaci\u00f3n Profesional de Grado Superior en Comercio Internacional ofrecido por la Universidad Aut\u00f3noma de Barcelona. La creaci\u00f3n de estas piezas ha servido para la promoci\u00f3n a nivel nacional e internacional de este prestigioso Ciclo Superior mediante diferentes c\u00e1psulas, producidas \u00edntegramente por nuestra productora audiovisual.<\/p>\n<p>left<br \/>left<br \/>#ffffff<br \/>no-repeat;left top;;<br \/>auto<br \/>0px<\/p>\n<p>https:\/\/www.guacamole.media\/videos\/mckp-iphone-1x-format-al-port-01.mp4<br \/>a;;l;m<br \/>1448<br \/>696<\/p>\n<p>A lo largo de diferentes localizaciones, como la misma escuela situada en el campus de la UAB en Bellaterra, as\u00ed como el Puerto de Barcelona o navegando en barco, se ha realizado el seguimiento de diferentes alumnos de este ciclo. De esta manera se ha logrado transmitir de manera honesta, fresca y din\u00e1mica la experiencia de los diferentes testimonios a lo largo de su d\u00eda a d\u00eda en las diferentes salidas y localizaciones.<\/p>\n<p>Desde Guacamole nos hemos encargado de todo el proceso de rodaje de las diferentes piezas, preproducci\u00f3n y rodaje en las diferentes localizaciones, as\u00ed como todo el proceso de postproducci\u00f3n de las c\u00e1psulas finales.<\/p>\n<p>left<br \/>left<br \/>#ffffff<br \/>no-repeat;left top;;<br \/>auto<br \/>separacio_text<\/p>\n<p>A lo largo de diferentes localizaciones, como la misma escuela situada en el campus de la UAB en Bellaterra, as\u00ed como el Puerto de Barcelona o navegando en barco, se ha realizado el seguimiento de diferentes alumnos de este ciclo. De esta manera se ha logrado transmitir de manera honesta, fresca y din\u00e1mica la experiencia de los diferentes testimonios a lo largo de su d\u00eda a d\u00eda en las diferentes salidas y localizaciones.<\/p>\n<p>Desde Guacamole nos hemos encargado de todo el proceso de rodaje de las diferentes piezas, preproducci\u00f3n y rodaje en las diferentes localizaciones, as\u00ed como todo el proceso de postproducci\u00f3n de las c\u00e1psulas finales.<\/p>\n<p>left<br \/>left<br \/>#ffffff<br \/>no-repeat;left top;;<br \/>auto<br \/>0px<\/p>\n<p>https:\/\/www.guacamole.media\/videos\/mckp-iphone-3x-format-al-port-01.mp4<br \/>a;;l;m<br \/>1448<br \/>952<\/p>\n<p>El proyecto tambi\u00e9n ha consistido en el rodaje de diferentes testimonios de alumnos a lo largo de la realizaci\u00f3n del programa F\u00f3rmate en el Puerto de la UAB, d\u00f3nde los alumnos comentan sus experiencia en las diferentes salidas (c\u00f3mo la excursi\u00f3n realizada desde el Puerto de Barcelona en Golondrina) y salidas programadas por el propio cursos. Todos los testimonios han sido grabados sobre el terreno y posteriormente adaptados en diferentes v\u00eddeos para su difusi\u00f3n en diferentes c\u00e1psulas audiovisuales.<\/p>\n<p>Para m\u00e1s informaci\u00f3n: <a href=\"https:\/\/www.uab.cat\/web\/estudiar\/cfgs\/informacio-general\/cicle-formatiu-de-grau-superior-en-comerc-internacional-1345835365566.html?param1=1345667403370\" target=\"new\" rel=\"noopener\">Cicles Formatius de Grau Superior de la UAB<\/a><\/p>\n<p>left<br \/>left<br \/>#ffffff<br \/>no-repeat;left top;;<br \/>auto<br \/>separacio_text<\/p>\n<p>El proyecto tambi\u00e9n ha consistido en el rodaje de diferentes testimonios de alumnos a lo largo de la realizaci\u00f3n del programa F\u00f3rmate en el Puerto de la UAB, d\u00f3nde los alumnos comentan sus experiencia en las diferentes salidas (c\u00f3mo la excursi\u00f3n realizada desde el Puerto de Barcelona en Golondrina) y salidas programadas por el propio cursos. Todos los testimonios han sido grabados sobre el terreno y posteriormente adaptados en diferentes v\u00eddeos para su difusi\u00f3n en diferentes c\u00e1psulas audiovisuales.<\/p>\n<p>Para m\u00e1s informaci\u00f3n: <a href=\"https:\/\/www.uab.cat\/web\/estudiar\/cfgs\/informacio-general\/cicle-formatiu-de-grau-superior-en-comerc-internacional-1345835365566.html?param1=1345667403370\" target=\"new\" rel=\"noopener\">Cicles Formatius de Grau Superior de la UAB<\/a><\/p>\n<p>left<br \/>left<br \/>#ffffff<br \/>no-repeat;left top;;<br \/>auto<br \/>0px<\/p>\n<p>https:\/\/www.guacamole.media\/videos\/UAB-StudyAbroad-2022-Meghan-135secs-1920px-HD-Subs-V2.mp4<br \/>1000<br \/>571<\/p>\n<p>Volver a todos los <a href=\"https:\/\/www.guacamole.media\/es\/proyectos-audiovisuales\/\">proyectos<\/a> &gt;<\/p>\n<p>right<br \/>right<br \/>#ffffff<br \/>no-repeat;left top;;<br \/>auto<br \/>separacio_text<\/p>\n<p>Volver a todos los <a href=\"https:\/\/www.guacamole.media\/es\/proyectos-audiovisuales\/\">proyectos<\/a> &gt;<\/p>\n<p>right<br \/>right<br \/>#ffffff<br \/>no-repeat;left top;;<br \/>auto<br \/>separacio_text<\/p>\n<p><img decoding=\"async\" src=\"https:\/\/www.guacamole.media\/wp-content\/uploads\/2022\/08\/formacio-uab-cfgs-format-al-port-012jpg.jpg\" alt=\"formacio-uab-cfgs-format-al-port-012jpg\" \/><br \/>center<\/p>\n<h3>Productora local y global<\/h3>\n<p>Guacamole es una <a href=\"http:\/\/www.guacamole.media\/es\">productora audiovisual<\/a> con oficinas en Manresa (Bages) y Sabadell (Vall\u00e8s Occidental), situadas en el centro de Catalu\u00f1a. Ofrecemos nuestros servicios de producci\u00f3n audiovisual, video y fotograf\u00eda, dise\u00f1o visual interactivo y creaci\u00f3n de contenido digital a las principales ciudades de Catalu\u00f1a y todo el territorio nacional.<\/p>\n<p>center<br \/>no-repeat;center top;;<br \/>auto<br \/>10px 0px 50px 0px<\/p>\n<h3>Productora local y global<\/h3>\n<p>Guacamole es una <a href=\"http:\/\/www.guacamole.media\/es\">productora audiovisual<\/a> con oficinas en Manresa (Bages) y Sabadell (Vall\u00e8s Occidental), situadas en el centro de Catalu\u00f1a. Ofrecemos nuestros servicios de producci\u00f3n audiovisual, video y fotograf\u00eda, dise\u00f1o visual interactivo y creaci\u00f3n de contenido digital a las principales ciudades de Catalu\u00f1a y todo el territorio nacional.<\/p>\n<p>center<br \/>no-repeat;center top;;<br \/>auto<br \/>10px 0px 50px 0px<\/p>\n","protected":false},"excerpt":{"rendered":"<p>UAB \u2014 Formaci\u00f3n Profesional leftno-repeat;left top;;autofadeInRight UAB \u2014 Formaci\u00f3n Profesional leftno-repeat;left top;;autofadeInRight center https:\/\/www.guacamole.media\/videos\/mckp-iphone-format-al-port-01.mp4a;;;m1448696 Videos corporativos para cursos de formaci\u00f3n profesional de la UAB Desde nuestra<span class=\"excerpt-hellip\"> [\u2026]<\/span><\/p>\n","protected":false},"author":1,"featured_media":0,"parent":0,"menu_order":0,"comment_status":"closed","ping_status":"closed","template":"","meta":{"footnotes":""},"acf":[],"yoast_head":"<!-- This site is optimized with the Yoast SEO plugin v22.4 - https:\/\/yoast.com\/wordpress\/plugins\/seo\/ -->\n<title>UAB - CFGS. Videos corporativos, testimonios y producci\u00f3n audiovisual<\/title>\n<meta name=\"description\" content=\"Videos corporativos y producci\u00f3n audiovisual para los programas de Formaci\u00f3n Profesional de la Universidad Aut\u00f3noma de Barcelona.\" \/>\n<meta name=\"robots\" content=\"index, follow, max-snippet:-1, max-image-preview:large, max-video-preview:-1\" \/>\n<link rel=\"canonical\" href=\"https:\/\/www.guacamole.media\/es\/proyecto-audiovisual-video-corporativo-uab-cfgs\/\" \/>\n<meta property=\"og:locale\" content=\"es_ES\" \/>\n<meta property=\"og:type\" content=\"article\" \/>\n<meta property=\"og:title\" content=\"UAB - CFGS. Videos corporativos, testimonios y producci\u00f3n audiovisual\" \/>\n<meta property=\"og:description\" content=\"Videos corporativos y producci\u00f3n audiovisual para los programas de Formaci\u00f3n Profesional de la Universidad Aut\u00f3noma de Barcelona.\" \/>\n<meta property=\"og:url\" content=\"https:\/\/www.guacamole.media\/es\/proyecto-audiovisual-video-corporativo-uab-cfgs\/\" \/>\n<meta property=\"og:site_name\" content=\"Guacamole\" \/>\n<meta property=\"article:modified_time\" content=\"2022-08-15T18:18:00+00:00\" \/>\n<meta property=\"og:image\" content=\"https:\/\/www.guacamole.media\/wp-content\/uploads\/2022\/08\/formacio-uab-cfgs-format-al-port-01.jpg\" \/>\n<meta name=\"twitter:card\" content=\"summary_large_image\" \/>\n<meta name=\"twitter:label1\" content=\"Tiempo de lectura\" \/>\n\t<meta name=\"twitter:data1\" content=\"4 minutos\" \/>\n<script type=\"application\/ld+json\" class=\"yoast-schema-graph\">{\"@context\":\"https:\/\/schema.org\",\"@graph\":[{\"@type\":\"WebPage\",\"@id\":\"https:\/\/www.guacamole.media\/es\/proyecto-audiovisual-video-corporativo-uab-cfgs\/\",\"url\":\"https:\/\/www.guacamole.media\/es\/proyecto-audiovisual-video-corporativo-uab-cfgs\/\",\"name\":\"UAB - CFGS. Videos corporativos, testimonios y producci\u00f3n audiovisual\",\"isPartOf\":{\"@id\":\"https:\/\/www.guacamole.media\/es\/#website\"},\"primaryImageOfPage\":{\"@id\":\"https:\/\/www.guacamole.media\/es\/proyecto-audiovisual-video-corporativo-uab-cfgs\/#primaryimage\"},\"image\":{\"@id\":\"https:\/\/www.guacamole.media\/es\/proyecto-audiovisual-video-corporativo-uab-cfgs\/#primaryimage\"},\"thumbnailUrl\":\"https:\/\/www.guacamole.media\/wp-content\/uploads\/2022\/08\/formacio-uab-cfgs-format-al-port-01.jpg\",\"datePublished\":\"2022-08-15T18:02:41+00:00\",\"dateModified\":\"2022-08-15T18:18:00+00:00\",\"description\":\"Videos corporativos y producci\u00f3n audiovisual para los programas de Formaci\u00f3n Profesional de la Universidad Aut\u00f3noma de Barcelona.\",\"breadcrumb\":{\"@id\":\"https:\/\/www.guacamole.media\/es\/proyecto-audiovisual-video-corporativo-uab-cfgs\/#breadcrumb\"},\"inLanguage\":\"es\",\"potentialAction\":[{\"@type\":\"ReadAction\",\"target\":[\"https:\/\/www.guacamole.media\/es\/proyecto-audiovisual-video-corporativo-uab-cfgs\/\"]}]},{\"@type\":\"ImageObject\",\"inLanguage\":\"es\",\"@id\":\"https:\/\/www.guacamole.media\/es\/proyecto-audiovisual-video-corporativo-uab-cfgs\/#primaryimage\",\"url\":\"https:\/\/www.guacamole.media\/wp-content\/uploads\/2022\/08\/formacio-uab-cfgs-format-al-port-01.jpg\",\"contentUrl\":\"https:\/\/www.guacamole.media\/wp-content\/uploads\/2022\/08\/formacio-uab-cfgs-format-al-port-01.jpg\"},{\"@type\":\"BreadcrumbList\",\"@id\":\"https:\/\/www.guacamole.media\/es\/proyecto-audiovisual-video-corporativo-uab-cfgs\/#breadcrumb\",\"itemListElement\":[{\"@type\":\"ListItem\",\"position\":1,\"name\":\"Portada\",\"item\":\"https:\/\/www.guacamole.media\/es\/\"},{\"@type\":\"ListItem\",\"position\":2,\"name\":\"UAB &#8211; Formaci\u00f3 Professional\"}]},{\"@type\":\"WebSite\",\"@id\":\"https:\/\/www.guacamole.media\/es\/#website\",\"url\":\"https:\/\/www.guacamole.media\/es\/\",\"name\":\"Guacamole Productora Audiovisual\",\"description\":\"Productora Audiovisual\",\"potentialAction\":[{\"@type\":\"SearchAction\",\"target\":{\"@type\":\"EntryPoint\",\"urlTemplate\":\"https:\/\/www.guacamole.media\/es\/?s={search_term_string}\"},\"query-input\":\"required name=search_term_string\"}],\"inLanguage\":\"es\"}]}<\/script>\n<!-- \/ Yoast SEO plugin. -->","yoast_head_json":{"title":"UAB - CFGS. Videos corporativos, testimonios y producci\u00f3n audiovisual","description":"Videos corporativos y producci\u00f3n audiovisual para los programas de Formaci\u00f3n Profesional de la Universidad Aut\u00f3noma de Barcelona.","robots":{"index":"index","follow":"follow","max-snippet":"max-snippet:-1","max-image-preview":"max-image-preview:large","max-video-preview":"max-video-preview:-1"},"canonical":"https:\/\/www.guacamole.media\/es\/proyecto-audiovisual-video-corporativo-uab-cfgs\/","og_locale":"es_ES","og_type":"article","og_title":"UAB - CFGS. Videos corporativos, testimonios y producci\u00f3n audiovisual","og_description":"Videos corporativos y producci\u00f3n audiovisual para los programas de Formaci\u00f3n Profesional de la Universidad Aut\u00f3noma de Barcelona.","og_url":"https:\/\/www.guacamole.media\/es\/proyecto-audiovisual-video-corporativo-uab-cfgs\/","og_site_name":"Guacamole","article_modified_time":"2022-08-15T18:18:00+00:00","og_image":[{"url":"https:\/\/www.guacamole.media\/wp-content\/uploads\/2022\/08\/formacio-uab-cfgs-format-al-port-01.jpg"}],"twitter_card":"summary_large_image","twitter_misc":{"Tiempo de lectura":"4 minutos"},"schema":{"@context":"https:\/\/schema.org","@graph":[{"@type":"WebPage","@id":"https:\/\/www.guacamole.media\/es\/proyecto-audiovisual-video-corporativo-uab-cfgs\/","url":"https:\/\/www.guacamole.media\/es\/proyecto-audiovisual-video-corporativo-uab-cfgs\/","name":"UAB - CFGS. Videos corporativos, testimonios y producci\u00f3n audiovisual","isPartOf":{"@id":"https:\/\/www.guacamole.media\/es\/#website"},"primaryImageOfPage":{"@id":"https:\/\/www.guacamole.media\/es\/proyecto-audiovisual-video-corporativo-uab-cfgs\/#primaryimage"},"image":{"@id":"https:\/\/www.guacamole.media\/es\/proyecto-audiovisual-video-corporativo-uab-cfgs\/#primaryimage"},"thumbnailUrl":"https:\/\/www.guacamole.media\/wp-content\/uploads\/2022\/08\/formacio-uab-cfgs-format-al-port-01.jpg","datePublished":"2022-08-15T18:02:41+00:00","dateModified":"2022-08-15T18:18:00+00:00","description":"Videos corporativos y producci\u00f3n audiovisual para los programas de Formaci\u00f3n Profesional de la Universidad Aut\u00f3noma de Barcelona.","breadcrumb":{"@id":"https:\/\/www.guacamole.media\/es\/proyecto-audiovisual-video-corporativo-uab-cfgs\/#breadcrumb"},"inLanguage":"es","potentialAction":[{"@type":"ReadAction","target":["https:\/\/www.guacamole.media\/es\/proyecto-audiovisual-video-corporativo-uab-cfgs\/"]}]},{"@type":"ImageObject","inLanguage":"es","@id":"https:\/\/www.guacamole.media\/es\/proyecto-audiovisual-video-corporativo-uab-cfgs\/#primaryimage","url":"https:\/\/www.guacamole.media\/wp-content\/uploads\/2022\/08\/formacio-uab-cfgs-format-al-port-01.jpg","contentUrl":"https:\/\/www.guacamole.media\/wp-content\/uploads\/2022\/08\/formacio-uab-cfgs-format-al-port-01.jpg"},{"@type":"BreadcrumbList","@id":"https:\/\/www.guacamole.media\/es\/proyecto-audiovisual-video-corporativo-uab-cfgs\/#breadcrumb","itemListElement":[{"@type":"ListItem","position":1,"name":"Portada","item":"https:\/\/www.guacamole.media\/es\/"},{"@type":"ListItem","position":2,"name":"UAB &#8211; Formaci\u00f3 Professional"}]},{"@type":"WebSite","@id":"https:\/\/www.guacamole.media\/es\/#website","url":"https:\/\/www.guacamole.media\/es\/","name":"Guacamole Productora Audiovisual","description":"Productora Audiovisual","potentialAction":[{"@type":"SearchAction","target":{"@type":"EntryPoint","urlTemplate":"https:\/\/www.guacamole.media\/es\/?s={search_term_string}"},"query-input":"required name=search_term_string"}],"inLanguage":"es"}]}},"_links":{"self":[{"href":"https:\/\/www.guacamole.media\/es\/wp-json\/wp\/v2\/pages\/1328"}],"collection":[{"href":"https:\/\/www.guacamole.media\/es\/wp-json\/wp\/v2\/pages"}],"about":[{"href":"https:\/\/www.guacamole.media\/es\/wp-json\/wp\/v2\/types\/page"}],"author":[{"embeddable":true,"href":"https:\/\/www.guacamole.media\/es\/wp-json\/wp\/v2\/users\/1"}],"replies":[{"embeddable":true,"href":"https:\/\/www.guacamole.media\/es\/wp-json\/wp\/v2\/comments?post=1328"}],"version-history":[{"count":2,"href":"https:\/\/www.guacamole.media\/es\/wp-json\/wp\/v2\/pages\/1328\/revisions"}],"predecessor-version":[{"id":1358,"href":"https:\/\/www.guacamole.media\/es\/wp-json\/wp\/v2\/pages\/1328\/revisions\/1358"}],"wp:attachment":[{"href":"https:\/\/www.guacamole.media\/es\/wp-json\/wp\/v2\/media?parent=1328"}],"curies":[{"name":"wp","href":"https:\/\/api.w.org\/{rel}","templated":true}]}}